{"id":27,"date":"2019-12-27T22:24:53","date_gmt":"2019-12-27T22:24:53","guid":{"rendered":"http:\/\/www.audimus.fr\/formation\/?page_id=27"},"modified":"2020-01-07T21:52:14","modified_gmt":"2020-01-07T21:52:14","slug":"conseil","status":"publish","type":"page","link":"https:\/\/www.audimus.fr\/formation\/conseil\/","title":{"rendered":"Accompagnement"},"content":{"rendered":"\n<p><strong>Notre valeur ajout\u00e9&nbsp; : le conseil<\/strong><br><br>\nVotre demande est \u00e9tudi\u00e9e avec soin et les formations adapt\u00e9es \u00e0 votre \ncontexte apr\u00e8s qualification pr\u00e9cise de votre besoin de mani\u00e8re \u00e0 \nprendre en compte votre environnement et r\u00e9pondre \u00e0 vos sp\u00e9cificit\u00e9s.<br><br>\nIl est \u00e9galement possible de prolonger la formation initiale par un \naccompagnement des apprenants sur le terrain pour leur permettre de \nmettre en oeuvre efficacement les connaissances et comp\u00e9tences acquises.<br>\n\nNous pouvons vous accompagner \u00e9galement dans des actions d&rsquo;ing\u00e9nierie de\n la formation (plan de formation adoss\u00e9 \u00e0 la strat\u00e9gie de d\u00e9veloppement,\n conception de formations sp\u00e9cifiques et supports, \u00e9valuations&#8230;)\n\n<\/p>\n","protected":false},"excerpt":{"rendered":"<p>Notre valeur ajout\u00e9&nbsp; : le conseil Votre demande est \u00e9tudi\u00e9e avec soin et les formations adapt\u00e9es \u00e0 votre contexte apr\u00e8s qualification pr\u00e9cise de votre besoin de mani\u00e8re \u00e0 prendre en compte votre environnement et r\u00e9pondre \u00e0 vos sp\u00e9cificit\u00e9s. Il est \u00e9galement possible de prolonger la formation initiale par un accompagnement&hellip; <\/p>\n","protected":false},"author":1,"featured_media":0,"parent":0,"menu_order":0,"comment_status":"closed","ping_status":"closed","template":"","meta":{"footnotes":""},"class_list":["post-27","page","type-page","status-publish","hentry"],"_links":{"self":[{"href":"https:\/\/www.audimus.fr\/formation\/wp-json\/wp\/v2\/pages\/27"}],"collection":[{"href":"https:\/\/www.audimus.fr\/formation\/wp-json\/wp\/v2\/pages"}],"about":[{"href":"https:\/\/www.audimus.fr\/formation\/wp-json\/wp\/v2\/types\/page"}],"author":[{"embeddable":true,"href":"https:\/\/www.audimus.fr\/formation\/wp-json\/wp\/v2\/users\/1"}],"replies":[{"embeddable":true,"href":"https:\/\/www.audimus.fr\/formation\/wp-json\/wp\/v2\/comments?post=27"}],"version-history":[{"count":2,"href":"https:\/\/www.audimus.fr\/formation\/wp-json\/wp\/v2\/pages\/27\/revisions"}],"predecessor-version":[{"id":33,"href":"https:\/\/www.audimus.fr\/formation\/wp-json\/wp\/v2\/pages\/27\/revisions\/33"}],"wp:attachment":[{"href":"https:\/\/www.audimus.fr\/formation\/wp-json\/wp\/v2\/media?parent=27"}],"curies":[{"name":"wp","href":"https:\/\/api.w.org\/{rel}","templated":true}]}}