{"id":25,"date":"2019-12-27T22:24:53","date_gmt":"2019-12-27T22:24:53","guid":{"rendered":"http:\/\/www.audimus.fr\/formation\/?page_id=25"},"modified":"2021-02-07T17:36:25","modified_gmt":"2021-02-07T17:36:25","slug":"catalogues","status":"publish","type":"page","link":"https:\/\/www.audimus.fr\/formation\/catalogues\/","title":{"rendered":"Formations disponibles"},"content":{"rendered":"\n<p class=\"has-background has-luminous-vivid-amber-background-color\">(<strong>En caract\u00e8res gras <\/strong>: formations sp\u00e9ciales <strong>COVID-19<\/strong> )<\/p>\n\n\n\n<p> Management g\u00e9n\u00e9ral<br><\/p>\n\n\n\n<ul class=\"wp-block-list\"><li><em>manager une \u00e9quipe\u00a0 &#8211; 1j<\/em><\/li><li><em>leadership &#8211; 1j<\/em><\/li><li><em>g\u00e9rer son temps et ses priorit\u00e9s &#8211; 1j<\/em><\/li><li><em>conduire un entretien annuel &#8211; 1j<\/em><\/li><li><em>r\u00e9ussir ses r\u00e9unions &#8211; 1j<\/em><\/li><li><em>mieux communiquer &#8211; 1j<\/em><\/li><li><em>Savoir se m\u00e9nager pour pouvoir manager &#8211; 1ou 2j<\/em><\/li><li>S\u00e9minaire de management &#8211; 3j<\/li><li>Les cl\u00e9s du management &#8211; 2j<\/li><li>Perfectionnement manag\u00e9rial &#8211; 2j <\/li><li>Management transversal \/ sans pouvoir hi\u00e9rarchique &#8211; 2j<\/li><li><strong>Manager en t\u00e9l\u00e9travail &#8211; 1 ou 2j<\/strong><\/li><li><strong>Manager en p\u00e9riode de crise &#8211; 2j<\/strong><\/li><li><strong>Manager le travail &#8211; 2j<\/strong><\/li><li><strong>D\u00e9velopper la r\u00e9silence collective &#8211; 2j<\/strong><\/li><li>Recruter et int\u00e9grer un salari\u00e9 &#8211; 3j<\/li><li>Recruter et int\u00e9grer un alternant &#8211; 3 j<\/li><\/ul>\n\n\n\n<p>\nQualit\u00e9 de Vie au Travail<br><\/p>\n\n\n\n<ul class=\"wp-block-list\"><li>Sciences comportementales au travail &#8211; 3j<\/li><li><em>Manager la Qualit\u00e9 de Vie au Travail<\/em><\/li><li><strong>Sensibilisation aux RPS -1j <\/strong><\/li><li><strong>Pr\u00e9venir les Risques PsychoSociaux -2j<\/strong><\/li><li><strong>G\u00e9rer le stress &#8211; 1j<\/strong><\/li><li><em>g\u00e9rer les conflits -1j<\/em><\/li><li>G\u00e9rer les personnalit\u00e9s difficiles &#8211; 1 \u00e0 2j<\/li><li><strong>Accompagner le changement &#8211; 2j<\/strong><\/li><li><em>r\u00e9ussir sa transformation num\u00e9rique &#8211; 2j<\/em><\/li><li><em>r\u00e9ussir son d\u00e9m\u00e9nagement professionnel -2j<\/em><\/li><li><a href=\"http:\/\/www.audimus.fr\/formation\/management-ethique\/\"><strong>Management \u00e9thique et positif -2j<\/strong>&nbsp;<\/a><\/li><li><strong>D\u00e9velopper la r\u00e9silience collective &#8211; 2j<\/strong><\/li><\/ul>\n\n\n\n<p>\n&nbsp;Management de projet<br><\/p>\n\n\n\n<ul class=\"wp-block-list\"><li>Gestion des d\u00e9lais et planification &#8211; 2j<\/li><li><a href=\"http:\/\/www.audimus.fr\/formation\/pilotage-de-projet\/\">Pilotage de projet &#8211; 2j <\/a><\/li><li>Piloter un projet complexe &#8211; 2j<\/li><\/ul>\n\n\n\n<p>\nGestion documentaire <br><\/p>\n\n\n\n<ul class=\"wp-block-list\"><li>Conduire un projet de gestion \u00e9lectronique de documents (GED) &#8211; 2 \u00e0 5j <\/li><li>Archivage hospitalier- 2j<\/li><\/ul>\n\n\n\n<p>_________________________________________________<br><\/p>\n\n\n\n<p><strong>Demande de programme :<\/strong> <em>veuillez compl\u00e9ter le formulaire suivant pour recevoir votre catalogue th\u00e9matique.<\/em><\/p>\n\n\n<div class=\"cf7sg-container\"><div id=\"cf7sg-form-catalogues\" class=\"cf7-smart-grid has-grid key_catalogues\"><div role=\"form\" class=\"wpcf7\" id=\"wpcf7-f236-o1\" lang=\"fr-FR\" dir=\"ltr\">\n<div class=\"screen-reader-response\"><\/div>\n<form action=\"\/formation\/wp-json\/wp\/v2\/pages\/25#wpcf7-f236-o1\" method=\"post\" class=\"wpcf7-form\" novalidate=\"novalidate\">\n<div style=\"display: none;\">\n<input type=\"hidden\" name=\"_wpcf7\" value=\"236\" \/>\n<input type=\"hidden\" name=\"_wpcf7_version\" value=\"5.1.6\" \/>\n<input type=\"hidden\" name=\"_wpcf7_locale\" value=\"fr_FR\" \/>\n<input type=\"hidden\" name=\"_wpcf7_unit_tag\" value=\"wpcf7-f236-o1\" \/>\n<input type=\"hidden\" name=\"_wpcf7_container_post\" value=\"0\" \/>\n<input type=\"hidden\" name=\"_wpcf7_key\" value=\"catalogues\" \/>\n<input type=\"hidden\" name=\"_cf7sg_toggles\" value=\"\" \/>\n<input type=\"hidden\" name=\"_cf7sg_version\" value=\"4.15.4\" \/>\n<input type=\"hidden\" name=\"_wpnonce\" value=\"1a7cc24705\" \/>\n<\/div>\n<div class=\"container\">\n  <div class=\"row\">\n    <div class=\"columns full cf7sgfocus\">\n      <div class=\"field radio\">Choisissez votre catalogue <span class=\"wpcf7-form-control-wrap radio-711\"><span class=\"wpcf7-form-control wpcf7-radio\"><span class=\"wpcf7-list-item first\"><input type=\"radio\" name=\"radio-711\" value=\"Management\" checked=\"checked\" \/><span class=\"wpcf7-list-item-label\">Management<\/span><\/span><span class=\"wpcf7-list-item\"><input type=\"radio\" name=\"radio-711\" value=\"Qualit\u00e9 de vie et des conditions de travail\" \/><span class=\"wpcf7-list-item-label\">Qualit\u00e9 de vie et des conditions de travail<\/span><\/span><span class=\"wpcf7-list-item\"><input type=\"radio\" name=\"radio-711\" value=\"Management de projet\" \/><span class=\"wpcf7-list-item-label\">Management de projet<\/span><\/span><span class=\"wpcf7-list-item last\"><input type=\"radio\" name=\"radio-711\" value=\"Gestion documentaire\" \/><span class=\"wpcf7-list-item-label\">Gestion documentaire<\/span><\/span><\/span><\/span>\n        <p class=\"info-tip\"><\/p>\n      <\/div>\n    <\/div>\n  <\/div>\n<\/div>\n<div class=\"container\">\n  <div class=\"row\">\n    <div class=\"columns one-half\">\n      <div class=\"container\">\n        <div class=\"row\">\n          <div class=\"columns one-half\">\n            <div class=\"field\"><label>Nom<em>*<\/em><\/label><span class=\"wpcf7-form-control-wrap your-name\"><input type=\"text\" name=\"your-name\" value=\"\" size=\"40\" class=\"wpcf7-form-control wpcf7-text wpcf7-validates-as-required\" aria-required=\"true\" aria-invalid=\"false\" \/><\/span>\n              <p class=\"info-tip\"><\/p>\n            <\/div>\n          <\/div>\n          <div class=\"columns one-half\">\n            <div class=\"field\"><label>Prenom<em>*<\/em><\/label><span class=\"wpcf7-form-control-wrap you-prenom\"><input type=\"text\" name=\"you-prenom\" value=\"\" size=\"40\" class=\"wpcf7-form-control wpcf7-text wpcf7-validates-as-required\" aria-required=\"true\" aria-invalid=\"false\" \/><\/span>\n              <p class=\"info-tip\"><\/p>\n            <\/div>\n          <\/div>\n        <\/div>\n      <\/div>\n      <div class=\"container\">\n        <div class=\"row\">\n          <div class=\"columns full\">\n            <div class=\"field\"><label>Courriel<em>*<\/em><\/label><span class=\"wpcf7-form-control-wrap your-email\"><input type=\"email\" name=\"your-email\" value=\"\" size=\"40\" class=\"wpcf7-form-control wpcf7-text wpcf7-email wpcf7-validates-as-required wpcf7-validates-as-email\" aria-required=\"true\" aria-invalid=\"false\" \/><\/span>\n              <p class=\"info-tip\">Saisissez un courriel valide<\/p>\n            <\/div>\n          <\/div>\n        <\/div>\n      <\/div>\n      <div class=\"container\">\n        <div class=\"row\">\n          <div class=\"columns full\">\n            <div class=\"field\"><label><\/label><input type=\"submit\" value=\"Envoyez\" class=\"wpcf7-form-control wpcf7-submit\" \/>\n              <p class=\"info-tip\"><\/p>\n            <\/div>\n          <\/div>\n        <\/div>\n      <\/div>\n    <\/div>\n    <div class=\"columns one-half\">\n      <div class=\"container\">\n        <div class=\"row\">\n          <div class=\"columns full\">\n            <div class=\"field\"><label>Nom organisation<em>*<\/em><\/label><span class=\"wpcf7-form-control-wrap your-subject\"><input type=\"text\" name=\"your-subject\" value=\"\" size=\"40\" class=\"wpcf7-form-control wpcf7-text wpcf7-validates-as-required\" aria-required=\"true\" aria-invalid=\"false\" \/><\/span>\n              <p class=\"info-tip\"><\/p>\n            <\/div>\n          <\/div>\n        <\/div>\n      <\/div>\n      <div class=\"container\">\n        <div class=\"row\">\n          <div class=\"columns full\">\n            <p class=\"info-tip\">Vous allez recevoir le programme demand\u00e9 \u00e0 l'adresse email renseign\u00e9e. Si vous pr\u00e9cisez votre contexte de recherche ci-apr\u00e8s, nous pourrons vous conseiller sur la formation la plus adapt\u00e9e \u00e0 votre besoin.<\/p>\n            <div class=\"field\"><label>Votre contexte<\/label><span class=\"wpcf7-form-control-wrap your-message\"><textarea name=\"your-message\" cols=\"40\" rows=\"10\" class=\"wpcf7-form-control wpcf7-textarea\" aria-invalid=\"false\"><\/textarea><\/span>\n              <p class=\"info-tip\"><\/p>\n            <\/div>\n          <\/div>\n        <\/div>\n      <\/div>\n    <\/div>\n  <\/div>\n<\/div><div class=\"wpcf7-response-output wpcf7-display-none\"><\/div><\/form><\/div><\/div><\/div>\n","protected":false},"excerpt":{"rendered":"<p>(En caract\u00e8res gras : formations sp\u00e9ciales COVID-19 ) Management g\u00e9n\u00e9ral manager une \u00e9quipe\u00a0 &#8211; 1j leadership &#8211; 1j g\u00e9rer son temps et ses priorit\u00e9s &#8211; 1j conduire un entretien annuel &#8211; 1j r\u00e9ussir ses r\u00e9unions &#8211; 1j mieux communiquer &#8211; 1j Savoir se m\u00e9nager pour pouvoir manager &#8211; 1ou 2j&hellip; <\/p>\n","protected":false},"author":1,"featured_media":0,"parent":0,"menu_order":0,"comment_status":"closed","ping_status":"closed","template":"","meta":{"footnotes":""},"class_list":["post-25","page","type-page","status-publish","hentry"],"_links":{"self":[{"href":"https:\/\/www.audimus.fr\/formation\/wp-json\/wp\/v2\/pages\/25"}],"collection":[{"href":"https:\/\/www.audimus.fr\/formation\/wp-json\/wp\/v2\/pages"}],"about":[{"href":"https:\/\/www.audimus.fr\/formation\/wp-json\/wp\/v2\/types\/page"}],"author":[{"embeddable":true,"href":"https:\/\/www.audimus.fr\/formation\/wp-json\/wp\/v2\/users\/1"}],"replies":[{"embeddable":true,"href":"https:\/\/www.audimus.fr\/formation\/wp-json\/wp\/v2\/comments?post=25"}],"version-history":[{"count":32,"href":"https:\/\/www.audimus.fr\/formation\/wp-json\/wp\/v2\/pages\/25\/revisions"}],"predecessor-version":[{"id":697,"href":"https:\/\/www.audimus.fr\/formation\/wp-json\/wp\/v2\/pages\/25\/revisions\/697"}],"wp:attachment":[{"href":"https:\/\/www.audimus.fr\/formation\/wp-json\/wp\/v2\/media?parent=25"}],"curies":[{"name":"wp","href":"https:\/\/api.w.org\/{rel}","templated":true}]}}